{"id":1175,"date":"2018-05-20T18:09:47","date_gmt":"2018-05-20T16:09:47","guid":{"rendered":"http:\/\/dagmarsaeger.de\/?page_id=1175"},"modified":"2018-07-26T14:53:29","modified_gmt":"2018-07-26T12:53:29","slug":"impressum-2","status":"publish","type":"page","link":"https:\/\/dagmarsaeger.de\/?page_id=1175","title":{"rendered":"Datenschutzerkl\u00e4rung"},"content":{"rendered":"\n<style type=\"text\/css\" data-created_by=\"avia_inline_auto\" id=\"style-css-av-av_section-d693e501d2a8adc89cdfe02bd6ef70c0\">\n.avia-section.av-av_section-d693e501d2a8adc89cdfe02bd6ef70c0{\nbackground-color:#bd1521;\nbackground-image:unset;\n}\n.avia-section.av-av_section-d693e501d2a8adc89cdfe02bd6ef70c0 .av-extra-border-element .av-extra-border-inner{\nbackground-color:#bd1521;\n}\n<\/style>\n<div id='av_section_1'  class='avia-section av-av_section-d693e501d2a8adc89cdfe02bd6ef70c0 main_color avia-section-default avia-no-border-styling  avia-builder-el-0  el_before_av_layout_row  avia-builder-el-first  avia-bg-style-scroll av-arrow-down-section av-minimum-height av-minimum-height-custom av-height-custom  container_wrap sidebar_right'   data-av_minimum_height_px='250'><div class='container av-section-cont-open' style='height:250px'><main  role=\"main\" itemprop=\"mainContentOfPage\"  class='template-page content  av-content-small alpha units'><div class='post-entry post-entry-type-page post-entry-1175'><div class='entry-content-wrapper clearfix'>\n\n<style type=\"text\/css\" data-created_by=\"avia_inline_auto\" id=\"style-css-av-av_heading-b9ff78d7d55815827ca92b76d7e6a7fa\">\n#top .av-special-heading.av-av_heading-b9ff78d7d55815827ca92b76d7e6a7fa{\npadding-bottom:40px;\ncolor:#ffffff;\nfont-size:72px;\n}\nbody .av-special-heading.av-av_heading-b9ff78d7d55815827ca92b76d7e6a7fa .av-special-heading-tag .heading-char{\nfont-size:25px;\n}\n#top #wrap_all .av-special-heading.av-av_heading-b9ff78d7d55815827ca92b76d7e6a7fa .av-special-heading-tag{\nfont-size:72px;\n}\n.av-special-heading.av-av_heading-b9ff78d7d55815827ca92b76d7e6a7fa .special-heading-inner-border{\nborder-color:#ffffff;\n}\n.av-special-heading.av-av_heading-b9ff78d7d55815827ca92b76d7e6a7fa .av-subheading{\nfont-size:20px;\n}\n\n@media only screen and (min-width: 768px) and (max-width: 989px){ \n#top #wrap_all .av-special-heading.av-av_heading-b9ff78d7d55815827ca92b76d7e6a7fa .av-special-heading-tag{\nfont-size:50px;\n}\n}\n\n@media only screen and (min-width: 480px) and (max-width: 767px){ \n#top #wrap_all .av-special-heading.av-av_heading-b9ff78d7d55815827ca92b76d7e6a7fa .av-special-heading-tag{\nfont-size:40px;\n}\n}\n\n@media only screen and (max-width: 479px){ \n#top #wrap_all .av-special-heading.av-av_heading-b9ff78d7d55815827ca92b76d7e6a7fa .av-special-heading-tag{\nfont-size:30px;\n}\n}\n<\/style>\n<div  class='av-special-heading av-av_heading-b9ff78d7d55815827ca92b76d7e6a7fa av-special-heading-h2 custom-color-heading blockquote modern-quote  avia-builder-el-1  avia-builder-el-no-sibling  av-inherit-size'><div class='av_custom_color av-subheading av-subheading_above'><p>Moderation \u2022 Beratung \u2022 Training<\/p>\n<\/div><h2 class='av-special-heading-tag'  itemprop=\"headline\"  >Dagmar S\u00e4ger<\/h2><div class=\"special-heading-border\"><div class=\"special-heading-inner-border\"><\/div><\/div><\/div>\n\n<\/div><\/div><\/main><!-- close content main element --><\/div><div class='av-extra-border-element border-extra-arrow-down'><div class='av-extra-border-outer'><div class='av-extra-border-inner'><\/div><\/div><\/div><\/div><div id='av-layout-grid-1'  class='av-layout-grid-container av-av_layout_row-6c8606c6086e1f9a41da07df354a41ed entry-content-wrapper main_color av-flex-cells  avia-builder-el-2  el_after_av_section  avia-builder-el-last  grid-row-not-first  container_wrap sidebar_right'  >\n\n<style type=\"text\/css\" data-created_by=\"avia_inline_auto\" id=\"style-css-av-av_cell_one_fifth-b301d1a07e875c5b6b11f79bee1db54e\">\n.flex_cell.av-av_cell_one_fifth-b301d1a07e875c5b6b11f79bee1db54e{\nvertical-align:top;\n}\n.responsive #top #wrap_all .flex_cell.av-av_cell_one_fifth-b301d1a07e875c5b6b11f79bee1db54e{\npadding:30px 30px 30px 30px !important;\n}\n<\/style>\n<div class='flex_cell av-av_cell_one_fifth-b301d1a07e875c5b6b11f79bee1db54e av-gridrow-cell av_one_fifth no_margin  avia-builder-el-3  el_before_av_cell_three_fifth  avia-builder-el-first '  ><div class='flex_cell_inner'><\/div><\/div>\n<style type=\"text\/css\" data-created_by=\"avia_inline_auto\" id=\"style-css-av-av_cell_three_fifth-f57c70f9f5a63fd800eb5b955b847c2a\">\n.flex_cell.av-av_cell_three_fifth-f57c70f9f5a63fd800eb5b955b847c2a{\nvertical-align:top;\n}\n.responsive #top #wrap_all .flex_cell.av-av_cell_three_fifth-f57c70f9f5a63fd800eb5b955b847c2a{\npadding:30px 30px 30px 30px !important;\n}\n<\/style>\n<div class='flex_cell av-av_cell_three_fifth-f57c70f9f5a63fd800eb5b955b847c2a av-gridrow-cell av_three_fifth no_margin  avia-builder-el-4  el_after_av_cell_one_fifth  el_before_av_cell_one_fifth '  ><div class='flex_cell_inner'><p>\n<style type=\"text\/css\" data-created_by=\"avia_inline_auto\" id=\"style-css-av-av_hr-616cd310f4c6bf63bbd1f033802c1165\">\n#top .hr.hr-invisible.av-av_hr-616cd310f4c6bf63bbd1f033802c1165{\nheight:20px;\n}\n<\/style>\n<div  class='hr av-av_hr-616cd310f4c6bf63bbd1f033802c1165 hr-invisible  avia-builder-el-5  el_before_av_heading  avia-builder-el-first '><span class='hr-inner '><span class=\"hr-inner-style\"><\/span><\/span><\/div><br \/>\n\n<style type=\"text\/css\" data-created_by=\"avia_inline_auto\" id=\"style-css-av-av_heading-4aa1f63b5b95496a5d1bbeef4351c48e\">\n#top .av-special-heading.av-av_heading-4aa1f63b5b95496a5d1bbeef4351c48e{\npadding-bottom:10px;\n}\nbody .av-special-heading.av-av_heading-4aa1f63b5b95496a5d1bbeef4351c48e .av-special-heading-tag .heading-char{\nfont-size:25px;\n}\n.av-special-heading.av-av_heading-4aa1f63b5b95496a5d1bbeef4351c48e .av-subheading{\nfont-size:15px;\n}\n<\/style>\n<div  class='av-special-heading av-av_heading-4aa1f63b5b95496a5d1bbeef4351c48e av-special-heading-h2 blockquote modern-quote  avia-builder-el-6  el_after_av_hr  el_before_av_hr '><h2 class='av-special-heading-tag'  itemprop=\"headline\"  >DATENSCHUTZERKL\u00c4RUNG<\/h2><div class=\"special-heading-border\"><div class=\"special-heading-inner-border\"><\/div><\/div><\/div><br \/>\n\n<style type=\"text\/css\" data-created_by=\"avia_inline_auto\" id=\"style-css-av-av_hr-616cd310f4c6bf63bbd1f033802c1165\">\n#top .hr.hr-invisible.av-av_hr-616cd310f4c6bf63bbd1f033802c1165{\nheight:20px;\n}\n<\/style>\n<div  class='hr av-av_hr-616cd310f4c6bf63bbd1f033802c1165 hr-invisible  avia-builder-el-7  el_after_av_heading  el_before_av_textblock '><span class='hr-inner '><span class=\"hr-inner-style\"><\/span><\/span><\/div><br \/>\n\n<style type=\"text\/css\" data-created_by=\"avia_inline_auto\" id=\"style-css-av-av_textblock-352afc35c842fc84891e91dfc27c56b5\">\n#top .av_textblock_section.av-av_textblock-352afc35c842fc84891e91dfc27c56b5 .avia_textblock{\nfont-size:18px;\n}\n<\/style>\n<section  class='av_textblock_section av-av_textblock-352afc35c842fc84891e91dfc27c56b5 '   itemscope=\"itemscope\" itemtype=\"https:\/\/schema.org\/CreativeWork\" ><div class='avia_textblock'  itemprop=\"text\" ><h3>1. Name und Anschrift des Verantwortlichen<\/h3>\n<p><strong>Dagmar S\u00e4ger<br \/>\n<\/strong>Oldachstra\u00dfe 3<br \/>\n22307 Hamburg<\/p>\n<p>Telefon:\u00a0040-53670097<br \/>\nE-Mail:\u00a0<a href=\"mailto:mail@dagmarsaeger.de\">mail@dagmarsaeger.de<\/a><a><br \/>\n<\/a>Webseite: www.dagmarsaeger.de<\/p>\n<h3><\/h3>\n<\/div><\/section><br \/>\n\n<style type=\"text\/css\" data-created_by=\"avia_inline_auto\" id=\"style-css-av-av_hr-616cd310f4c6bf63bbd1f033802c1165\">\n#top .hr.hr-invisible.av-av_hr-616cd310f4c6bf63bbd1f033802c1165{\nheight:20px;\n}\n<\/style>\n<div  class='hr av-av_hr-616cd310f4c6bf63bbd1f033802c1165 hr-invisible  avia-builder-el-9  el_after_av_textblock  el_before_av_textblock '><span class='hr-inner '><span class=\"hr-inner-style\"><\/span><\/span><\/div><br \/>\n\n<style type=\"text\/css\" data-created_by=\"avia_inline_auto\" id=\"style-css-av-av_textblock-352afc35c842fc84891e91dfc27c56b5\">\n#top .av_textblock_section.av-av_textblock-352afc35c842fc84891e91dfc27c56b5 .avia_textblock{\nfont-size:18px;\n}\n<\/style>\n<section  class='av_textblock_section av-av_textblock-352afc35c842fc84891e91dfc27c56b5 '   itemscope=\"itemscope\" itemtype=\"https:\/\/schema.org\/CreativeWork\" ><div class='avia_textblock'  itemprop=\"text\" ><h3>2. Allgemeines zur Datenverarbeitung<\/h3>\n<p>Erhebung und Speicherung personenbezogener Daten sowie Art und Zweck von deren Verwendung<\/p>\n<p>Beim Aufrufen unserer Website www.dagmarsaeger.de werden durch den auf Ihrem Endger\u00e4t zum Einsatz kommenden Browser automatisch Informationen an den Server unserer Website gesendet. Diese Informationen werden tempor\u00e4r in einem sog. Logfile gespeichert. Folgende Informationen werden dabei ohne Ihr Zutun erfasst und bis zur automatisierten L\u00f6schung gespeichert:<\/p>\n<ul>\n<li>IP-Adresse des anfragenden Rechners,<\/li>\n<li>Datum und Uhrzeit des Zugriffs,<\/li>\n<li>Name und URL der abgerufenen Datei,<\/li>\n<li>Website, von der aus der Zugriff erfolgt (Referrer-URL),<\/li>\n<li>verwendeter Browser und ggf. das Betriebssystem Ihres Rechners sowie der Name Ihres Access-Providers.<\/li>\n<\/ul>\n<h3>Die genannten Daten werden durch uns zu folgenden Zwecken verarbeitet:<\/h3>\n<ul>\n<li>Gew\u00e4hrleistung eines reibungslosen Verbindungsaufbaus der Website,<\/li>\n<li>Gew\u00e4hrleistung einer komfortablen Nutzung unserer Website,<\/li>\n<li>Auswertung der Systemsicherheit und -stabilit\u00e4t sowie<\/li>\n<li>zu weiteren administrativen Zwecken.<\/li>\n<\/ul>\n<p>Die Rechtsgrundlage f\u00fcr die Datenverarbeitung ist Art.\u00a06 Abs.\u00a01 S.\u00a01 lit.\u00a0f DSGVO. Unser berechtigtes Interesse folgt aus oben aufgelisteten Zwecken zur Datenerhebung. In keinem Fall verwenden wir die erhobenen Daten zu dem Zweck, R\u00fcckschl\u00fcsse auf Ihre Person zu ziehen.<\/p>\n<p>Dar\u00fcber hinaus setzen wir beim Besuch unserer Website Cookies sowie Analysedienste ein. N\u00e4here Erl\u00e4uterungen dazu erhalten Sie unter den Ziff. 4 und 5 dieser Datenschutzerkl\u00e4rung.<\/p>\n<h3>3. Weitergabe von Daten<\/h3>\n<p>Eine \u00dcbermittlung Ihrer pers\u00f6nlichen Daten an Dritte zu anderen als den im Folgenden aufgef\u00fchrten Zwecken findet nicht statt.<\/p>\n<h3>Wir geben Ihre pers\u00f6nlichen Daten nur an Dritte weiter, wenn:<\/h3>\n<ul>\n<li>Sie Ihre nach Art.\u00a06 Abs.\u00a01 S.\u00a01 lit.\u00a0a DSGVO ausdr\u00fcckliche Einwilligung dazu erteilt haben,<\/li>\n<li>die Weitergabe nach Art.\u00a06 Abs.\u00a01 S.\u00a01 lit.\u00a0f DSGVO zur Geltendmachung, Aus\u00fcbung oder Verteidigung von Rechtsanspr\u00fcchen erforderlich ist und kein Grund zur Annahme besteht, dass Sie ein \u00fcberwiegendes schutzw\u00fcrdiges Interesse an der Nichtweitergabe Ihrer Daten haben,<\/li>\n<li>f\u00fcr den Fall, dass f\u00fcr die Weitergabe nach Art.\u00a06 Abs.\u00a01 S.\u00a01 lit.\u00a0c DSGVO eine gesetzliche Verpflichtung besteht, sowie<\/li>\n<li>dies gesetzlich zul\u00e4ssig und nach Art.\u00a06 Abs.\u00a01 S.\u00a01 lit.\u00a0b DSGVO f\u00fcr die Abwicklung von Vertragsverh\u00e4ltnissen mit Ihnen erforderlich ist.<\/li>\n<\/ul>\n<h3>SSL- bzw. TLS-Verschl\u00fcsselung<\/h3>\n<p>Diese Seite nutzt aus Sicherheitsgr\u00fcnden und zum Schutz der \u00dcbertragung vertraulicher Inhalte, wie zum Beispiel Anmeldungen zu Fortbildungen oder Anfragen, die Sie an uns als Seitenbetreiber senden, eine SSL-bzw. TLS-Verschl\u00fcsselung. Eine verschl\u00fcsselte Verbindung erkennen Sie daran, dass die Adresszeile des Browsers von \u201chttp:\/\/\u201d auf \u201chttps:\/\/\u201d wechselt und an dem Schloss-Symbol in Ihrer Browserzeile.<\/p>\n<p>Wenn die SSL- bzw. TLS-Verschl\u00fcsselung aktiviert ist, k\u00f6nnen die Daten, die Sie an uns \u00fcbermitteln, nicht von Dritten mitgelesen werden.<\/p>\n<h3>Einbindung von Diensten und Inhalten Dritter<\/h3>\n<p>Es kann vorkommen, dass innerhalb dieses Onlineangebotes Inhalte Dritter, wie zum Beispiel Videos von YouTube, Kartenmaterial von Google-Maps, RSS-Feeds oder Grafiken von anderen Webseiten eingebunden werden. Dies setzt immer voraus, dass die Anbieter dieser Inhalte (nachfolgend bezeichnet als &#8220;Dritt-Anbieter&#8221;) die IP-Adresse der Nutzer wahrnehmen. Denn ohne die IP-Adresse, k\u00f6nnten sie die Inhalte nicht an den Browser des jeweiligen Nutzers senden. Die IP-Adresse ist damit f\u00fcr die Darstellung dieser Inhalte erforderlich. Wir bem\u00fchen uns, nur solche Inhalte zu verwenden, deren jeweilige Anbieter die IP-Adresse lediglich zur Auslieferung der Inhalte verwenden. Jedoch haben wir keinen Einfluss darauf, falls die Dritt-Anbieter die IP-Adresse z.B. f\u00fcr statistische Zwecke speichern. Soweit dies uns bekannt ist, kl\u00e4ren wir die Nutzer dar\u00fcber auf.<\/p>\n<h3>Cookies<\/h3>\n<p>Wir setzen auf unserer Seite Cookies ein. Hierbei handelt es sich um kleine Dateien, die Ihr Browser automatisch erstellt und die auf Ihrem Endger\u00e4t (Laptop, Tablet, Smartphone o.\u00e4.) gespeichert werden, wenn Sie unsere Seite besuchen. Cookies richten auf Ihrem Endger\u00e4t keinen Schaden an, enthalten keine Viren, Trojaner oder sonstige Schadsoftware.<\/p>\n<p>In dem Cookie werden Informationen abgelegt, die sich jeweils im Zusammenhang mit dem spezifisch eingesetzten Endger\u00e4t ergeben. Dies bedeutet jedoch nicht, dass wir dadurch unmittelbar Kenntnis von Ihrer Identit\u00e4t erhalten.<\/p>\n<p>Der Einsatz von Cookies dient einerseits dazu, die Nutzung unseres Angebots f\u00fcr Sie angenehmer zu gestalten. So setzen wir sogenannte Session-Cookies ein, um zu erkennen, dass Sie einzelne Seiten unserer Website bereits besucht haben. Diese werden nach Verlassen unserer Seite automatisch gel\u00f6scht.<\/p>\n<p>Dar\u00fcber hinaus setzen wir ebenfalls zur Optimierung der Benutzerfreundlichkeit tempor\u00e4re Cookies ein, die f\u00fcr einen bestimmten festgelegten Zeitraum auf Ihrem Endger\u00e4t gespeichert werden. Besuchen Sie unsere Seite erneut, um unsere Dienste in Anspruch zu nehmen, wird automatisch erkannt, dass Sie bereits bei uns waren und welche Eingaben und Einstellungen sie get\u00e4tigt haben, um diese nicht noch einmal eingeben zu m\u00fcssen.<\/p>\n<p>Zum anderen setzten wir Cookies ein, um die Nutzung unserer Website statistisch zu erfassen und zum Zwecke der Optimierung unseres Angebotes f\u00fcr Sie auszuwerten (siehe Ziff.\u00a05). Diese Cookies erm\u00f6glichen es uns, bei einem erneuten Besuch unserer Seite automatisch zu erkennen, dass Sie bereits bei uns waren. Diese Cookies werden nach einer jeweils definierten Zeit automatisch gel\u00f6scht.<\/p>\n<p>Die durch Cookies verarbeiteten Daten sind f\u00fcr die genannten Zwecke zur Wahrung unserer berechtigten Interessen sowie der Dritter nach Art.\u00a06 Abs.\u00a01 S.\u00a01 lit.\u00a0f DSGVO erforderlich.<\/p>\n<p>Die meisten Browser akzeptieren Cookies automatisch. Sie k\u00f6nnen Ihren Browser jedoch so konfigurieren, dass keine Cookies auf Ihrem Computer gespeichert werden oder stets ein Hinweis erscheint, bevor ein neuer Cookie angelegt wird. Die vollst\u00e4ndige Deaktivierung von Cookies kann jedoch dazu f\u00fchren, dass Sie nicht alle Funktionen unserer Website nutzen k\u00f6nnen.<\/p>\n<h3>4. Google Analytics<\/h3>\n<p>Diese Website benutzt Google Analytics, eine Webanalysedienst der Google Inc. (\u201eGoogle). Google Analytics verwendet sog. \u201eCookies\u201c, Textdateien, die auf dem Computer der Nutzer gespeichert werden und die eine Analyse der Benutzung der Website erm\u00f6glichen. Die durch den Cookie erzeugten Informationen \u00fcber Benutzung dieser Website durch die Nutzer werden in der Regel an einen Server von Google in den USA \u00fcbertragen und dort gespeichert.<\/p>\n<p>Im Falle der Aktivierung der IP-Anonymisierung auf dieser Webseite, wird die IP-Adresse der Nutzer von Google jedoch innerhalb von Mitgliedsstaaten der Europ\u00e4ischen Union oder in anderen Vertragsstaaten des Abkommen \u00fcber den Europ\u00e4ischen Wirtschaftsraum zuvor gek\u00fcrzt. Nur in Ausnahmef\u00e4llen wird die volle IP-Adresse an einen Server von Google in den USA \u00fcbertragen und dort gek\u00fcrzt. IP-Anonymisierung ist auf dieser Website aktiv. Im Auftrag des Betreibers dieser Website wird Google diese Information benutzen, um die Nutzung der Website durch die Nutzer auszuwerten, um Reports \u00fcber die Websiteaktivit\u00e4ten zusammenzustellen und um weitere mit der Webistenutzung und der Internetnutzung verbundene Dienstleistungen gegen\u00fcber dem Websitebetreiber zu erbringen.<\/p>\n<p>Die im Rahmen von Google Analytics von Ihrem Browser \u00fcbermittele IP-Adresse wird nicht mit anderen Daten von Google zusammengef\u00fchrt. Die Nutzer k\u00f6nnen die Speicherung der Cookies durch eine entsprechende Einstellungen Ihrer Browser-Software verhindern. Dieses Angebot weist die Nutzer jedoch darauf hin, dass Sie in diesem Fall ggf. nicht s\u00e4mtliche Funktionen dieser Website vollumf\u00e4nglich werden nutzen k\u00f6nnen. Die Nutzer k\u00f6nnen dar\u00fcber hinaus die Erfassung der durch das Cookie erzeugten und ihre Nutzung der Website bezogenen Daten (inkl. Ihrer IP-Adresse) an Google sowie die Verarbeitung dieser Daten durch Google verhindern, in dem sie das unter dem folgenden Link verf\u00fcgbare Browser-Plugin herunterladen und installieren: <a href=\"http:\/\/tools.google.com\/dlpage\/gaoptout?hl=de\">http:\/\/tools.google.com\/dlpage\/gaoptout?hl=de<\/a><\/p>\n<p>Weitere Informationen zu Datennutzung zu Werbezwecken durch Google, Einstellungs-und Widerspruchsm\u00f6glichkeiten erfahren Sie auf den Website von Google: <a href=\"https:\/\/www.google.com\/intl\/de\/policies\/privacy\/partners\/\">https:\/\/www.google.com\/intl\/de\/policies\/privacy\/partners\/<\/a>(\u201eDatennutzung durch Google bei Ihrer Nutzung von Websites oder Apps unserer Partner\u201c). <a href=\"https:\/\/www.google.com\/policies\/technologies\/ads\">https:\/\/www.google.com\/policies\/technologies\/ads<\/a>(\u201eDatennutzung zu Werbezwecken\u201c), <a href=\"http:\/\/google.de\/settings\/ads\">http:\/\/google.de\/settings\/ads<\/a>(\u201eInformationen verwalten, die Google verwendet, um Ihnen Werbung einzublenden) und <a href=\"http:\/\/www.google.com\/ads\/preferences\/\">http:\/\/www.google.com\/ads\/preferences\/<\/a>(\u201eBestimmen Sie, welche Werbung Google Ihnen zeigt\u201c).<\/p>\n<h3>5 Einsatz von Social-Media-Plug-ins<\/h3>\n<p>(1) Wir setzen derzeit folgende Social-Media-Plug-ins ein: Facebook, Google+, Twitter, Xing, T3N, LinkedIn, Flattr. Wir nutzen dabei die sog. Zwei-Klick-L\u00f6sung. Das hei\u00dft, wenn Sie unsere Seite besuchen, werden zun\u00e4chst grunds\u00e4tzlich keine personenbezogenen Daten an die Anbieter der Plug-ins weitergegeben. Den Anbieter des Plug-ins erkennen Sie \u00fcber die Markierung auf dem Kasten \u00fcber seinen Anfangsbuchstaben oder das Logo. Wir er\u00f6ffnen Ihnen die M\u00f6glichkeit, \u00fcber den Button direkt mit dem Anbieter des Plug-ins zu kommunizieren. Nur wenn Sie auf das markierte Feld klicken und es dadurch aktivieren, erh\u00e4lt der Plug-in-Anbieter die Information, dass Sie die entsprechende Website unseres Online-Angebots aufgerufen haben. Zudem werden die unter \u00a7 3 dieser Erkl\u00e4rung genannten Daten \u00fcbermittelt. Im Fall von Facebook und Xing wird nach Angaben der jeweiligen Anbieter in Deutschland die IP-Adresse sofort nach Erhebung anonymisiert. Durch die Aktivierung des Plug-ins werden also personenbezogene Daten von Ihnen an den jeweiligen Plug-in-Anbieter \u00fcbermittelt und dort (bei US-amerikanischen Anbietern in den USA) gespeichert. Da der Plug-in-Anbieter die Datenerhebung insbesondere \u00fcber Cookies vornimmt, empfehlen wir Ihnen, vor dem Klick auf den ausgegrauten Kasten \u00fcber die Sicherheitseinstellungen Ihres Browsers alle Cookies zu l\u00f6schen.<\/p>\n<p>(2) Wir haben weder Einfluss auf die erhobenen Daten und Datenverarbeitungsvorg\u00e4nge, noch sind uns der volle Umfang der Datenerhebung, die Zwecke der Verarbeitung, die Speicherfristen bekannt. Auch zur L\u00f6schung der erhobenen Daten durch den Plug-in-Anbieter liegen uns keine Informationen vor.<\/p>\n<p>(3) Der Plug-in-Anbieter speichert die \u00fcber Sie erhobenen Daten als Nutzungsprofile und nutzt diese f\u00fcr Zwecke der Werbung, Marktforschung und\/oder bedarfsgerechten Gestaltung seiner Website. Eine solche Auswertung erfolgt insbesondere (auch f\u00fcr nicht eingeloggte Nutzer) zur Darstellung von bedarfsgerechter Werbung und um andere Nutzer des sozialen Netzwerks \u00fcber Ihre Aktivit\u00e4ten auf unserer Website zu informieren. Ihnen steht ein Widerspruchsrecht gegen die Bildung dieser Nutzerprofile zu, wobei Sie sich zur Aus\u00fcbung dessen an den jeweiligen Plug-in-Anbieter wenden m\u00fcssen. \u00dcber die Plug-ins bietet wir Ihnen die M\u00f6glichkeit, mit den sozialen Netzwerken und anderen Nutzern zu interagieren, so dass wir unser Angebot verbessern und f\u00fcr Sie als Nutzer interessanter ausgestalten k\u00f6nnen. Rechtsgrundlage f\u00fcr die Nutzung der Plug-ins ist Art. 6 Abs. 1 S. 1 lit. f DS-GVO.<\/p>\n<p>(4) Die Datenweitergabe erfolgt unabh\u00e4ngig davon, ob Sie ein Konto bei dem Plug-in-Anbieter besitzen und dort eingeloggt sind. Wenn Sie bei dem Plug-in-Anbieter eingeloggt sind, werden Ihre bei uns erhobenen Daten direkt Ihrem beim Plug-in-Anbieter bestehenden Konto zugeordnet. Wenn Sie den aktivierten Button bet\u00e4tigen und z. B. die Seite verlinken, speichert der Plug-in-Anbieter auch diese Information in Ihrem Nutzerkonto und teilt sie Ihren Kontakten \u00f6ffentlich mit. Wir empfehlen Ihnen, sich nach Nutzung eines sozialen Netzwerks regelm\u00e4\u00dfig auszuloggen, insbesondere jedoch vor Aktivierung des Buttons, da Sie so eine Zuordnung zu Ihrem Profil bei dem Plug-in-Anbieter vermeiden k\u00f6nnen.<\/p>\n<p>(5) Weitere Informationen zu Zweck und Umfang der Datenerhebung und ihrer Verarbeitung durch den Plug-in-Anbieter erhalten Sie in den im Folgenden mitgeteilten Datenschutzerkl\u00e4rungen dieser Anbieter. Dort erhalten Sie auch weitere Informationen zu Ihren diesbez\u00fcglichen Rechten und Einstellungsm\u00f6glichkeiten zum Schutze Ihrer Privatsph\u00e4re.<\/p>\n<p>(6) Adressen der jeweiligen Plug-in-Anbieter und URL mit deren Datenschutzhinweisen:<\/p>\n<ol>\n<li>a) [Facebook Inc., 1601 S California Ave, Palo Alto, California 94304, USA; http:\/\/www.facebook.com\/policy.php; weitere Informationen zur Datenerhebung: http:\/\/www.facebook.com\/help\/186325668085084, http:\/\/www.facebook.com\/about\/privacy\/your-info-on-other#applications sowie http:\/\/www.facebook.com\/about\/privacy\/your-info#everyoneinfo. Facebook hat sich dem EU-US-Privacy-Shield unterworfen, https:\/\/www.privacyshield.gov\/EU-US-Framework.<\/li>\n<\/ol>\n<ol>\n<li>b) Google Inc., 1600 Amphitheater Parkway, Mountainview, California 94043, USA; https:\/\/www.google.com\/policies\/privacy\/partners\/?hl=de. Google hat sich dem EU-US-Privacy-Shield unterworfen, https:\/\/www.privacyshield.gov\/EU-US-Framework.<\/li>\n<\/ol>\n<ol>\n<li>c) Twitter, Inc., 1355 Market St, Suite 900, San Francisco, California 94103, USA; https:\/\/twitter.com\/privacy.Twitter hat sich dem EU-US-Privacy-Shield unterworfen, https:\/\/www.privacyshield.gov\/EU-US-Framework.<\/li>\n<\/ol>\n<ol>\n<li>d) Xing AG, G\u00e4nsemarkt 43, 20354 Hamburg, DE; http:\/\/www.xing.com\/privacy.<\/li>\n<\/ol>\n<ol>\n<li>e) T3N, yeebase media GmbH, Kriegerstr. 40, 30161 Hannover, Deutschland; https:\/\/t3n.de\/store\/page\/datenschutz.<\/li>\n<\/ol>\n<ol>\n<li>f) LinkedIn Corporation, 2029 Stierlin Court, Mountain View, California 94043, USA; http:\/\/www.linkedin.com\/legal\/privacy-policy. LinkedIn hat sich dem EU-US-Privacy-Shield unterworfen, https:\/\/www.privacyshield.gov\/EU-US-Framework.<\/li>\n<\/ol>\n<ol>\n<li>g) Flattr Network Ltd. mit Sitz in 2 nd Floor, White bear yard 114A, Clerkenwell Road, London, Middlesex, England, EC1R 5DF, Gro\u00dfbritannien; https:\/\/flattr. com\/privacy.]<\/li>\n<\/ol>\n<h3>6. Kontaktformular und E-Mail-Kontakt<\/h3>\n<p>Auf unserer Webseite finden Sie auch ein Kontaktformular. Dieses kann zur elektronischen<\/p>\n<p>Kontaktaufnahme genutzt werden. Die darin eingegebenen Daten werden von uns\u00a0verarbeitet. Folgende Daten werden im Rahmen der Kontaktaufnahme verarbeitet:<\/p>\n<ul>\n<li>IP-Adresse sowie Datum und Uhrzeit der Eingabe?<\/li>\n<li>Emailadresse<\/li>\n<li>Name<\/li>\n<\/ul>\n<p>F\u00fcr die Verarbeitung der Daten wird im Rahmen des Absende-Vorgangs Ihre Einwilligung\u00a0eingeholt und auf diese Datenschutzerkl\u00e4rung verwiesen.<\/p>\n<p>Sie k\u00f6nnen zur Kontaktaufnahme auch unsere Emailadresse nutzen. Ihre Email wird bei uns\u00a0verarbeitet. Eine Weitergabe Ihrer Daten an Dritte erfolgt nicht. Es erfolgt in diesem\u00a0Zusammenhang keine Weitergabe der Daten an Dritte. Die Daten werden ausschlie\u00dflich f\u00fcr\u00a0die Verarbeitung der Konversation verwendet.<\/p>\n<p>Rechtsgrundlage f\u00fcr die Verarbeitung der Daten ist bei Vorliegen einer Einwilligung des Nutzers Art.\u00a06 Abs.\u00a01 lit.\u00a0a DSGVO. Rechtsgrundlage f\u00fcr die Verarbeitung der Daten, die im Zuge einer \u00dcbersendung einer E-Mail \u00fcbermittelt werden, ist Art.\u00a06 Abs.\u00a01 lit.\u00a0f DSGVO. Zielt der E-Mail-Kontakt auf den Abschluss eines Vertrages ab, so ist zus\u00e4tzliche Rechtsgrundlage f\u00fcr die Verarbeitung Art.\u00a06 Abs.\u00a01 lit.\u00a0b DSGVO. Zweck der Dateneingabe in das Kontaktformular ist die Kontaktaufnahme zu uns. Die Daten werden gel\u00f6scht, wenn der Zweck der Datenverarbeitung erreicht ist. Dies kann bei der Kontaktaufnahme von den Umst\u00e4nden des Einzelfalls abh\u00e4ngen.<\/p>\n<h3>7. Rechte der betroffenen Person<\/h3>\n<h3>Auskunftsrecht<\/h3>\n<p>Sie k\u00f6nnen von dem Verantwortlichen eine Best\u00e4tigung dar\u00fcber verlangen, ob personenbezogene Daten, die Sie betreffen, von uns verarbeitet werden.<\/p>\n<p>Liegt eine solche Verarbeitung vor, k\u00f6nnen Sie von dem Verantwortlichen \u00fcber folgende Informationen Auskunft verlangen:<\/p>\n<p>(1) die Zwecke, zu denen die personenbezogenen Daten verarbeitet werden;<\/p>\n<p>(2) die Kategorien von personenbezogenen Daten, welche verarbeitet werden;<\/p>\n<p>(3) die Empf\u00e4nger bzw. die Kategorien von Empf\u00e4ngern, gegen\u00fcber denen die Sie betreffenden personenbezogenen Daten offengelegt wurden oder noch offengelegt werden;<\/p>\n<p>(4) die geplante Dauer der Speicherung der Sie betreffenden personenbezogenen Daten oder, falls konkrete Angaben hierzu nicht m\u00f6glich sind, Kriterien f\u00fcr die Festlegung der Speicherdauer;<\/p>\n<p>(5) das Bestehen eines Rechts auf Berichtigung oder L\u00f6schung der Sie betreffenden personenbezogenen Daten, eines Rechts auf Einschr\u00e4nkung der Verarbeitung durch den Verantwortlichen oder eines Widerspruchsrechts gegen diese Verarbeitung;<\/p>\n<p>(6) das Bestehen eines Beschwerderechts bei einer Aufsichtsbeh\u00f6rde;<\/p>\n<p>(7) alle verf\u00fcgbaren Informationen \u00fcber die Herkunft der Daten, wenn die personenbezogenen Daten nicht bei der betroffenen Person erhoben werden;<\/p>\n<p>(8) das Bestehen einer automatisierten Entscheidungsfindung einschlie\u00dflich Profiling gem\u00e4\u00df Art.\u00a022 Abs.\u00a01 und 4 DSGVO und \u2013 zumindest in diesen F\u00e4llen \u2013 aussagekr\u00e4ftige Informationen \u00fcber die involvierte Logik sowie die Tragweite und die angestrebten Auswirkungen einer derartigen Verarbeitung f\u00fcr die betroffene Person.<\/p>\n<p>Ihnen steht das Recht zu, Auskunft dar\u00fcber zu verlangen, ob die Sie betreffenden personenbezogenen Daten in ein Drittland oder an eine internationale Organisation \u00fcbermittelt werden. In diesem Zusammenhang k\u00f6nnen Sie verlangen, \u00fcber die geeigneten Garantien gem. Art.\u00a046 DSGVO im Zusammenhang mit der \u00dcbermittlung unterrichtet zu werden.<\/p>\n<p>Bei einer Datenverarbeitung zu wissenschaftlichen, historischen oder statistischen Forschungszwecken:<\/p>\n<p>Dieses Auskunftsrecht kann insoweit beschr\u00e4nkt werden, als es voraussichtlich die Verwirklichung der Forschungs- oder Statistikzwecke unm\u00f6glich macht oder ernsthaft beeintr\u00e4chtigt und die Beschr\u00e4nkung f\u00fcr die Erf\u00fcllung der Forschungs- oder Statistikzwecke notwendig ist.<\/p>\n<h3>Recht auf Berichtigung<\/h3>\n<p>Sie haben ein Recht auf Berichtigung und\/oder Vervollst\u00e4ndigung gegen\u00fcber dem Verantwortlichen, sofern die verarbeiteten personenbezogenen Daten, die Sie betreffen, unrichtig oder unvollst\u00e4ndig sind. Der Verantwortliche hat die Berichtigung unverz\u00fcglich vorzunehmen.<\/p>\n<h3>Recht auf Einschr\u00e4nkung der Verarbeitung<\/h3>\n<p>Unter den folgenden Voraussetzungen k\u00f6nnen Sie die Einschr\u00e4nkung der Verarbeitung der Sie betreffenden personenbezogenen Daten verlangen:<\/p>\n<p>(1) wenn Sie die Richtigkeit der Sie betreffenden personenbezogenen f\u00fcr eine Dauer bestreiten, die es dem Verantwortlichen erm\u00f6glicht, die Richtigkeit der personenbezogenen Daten zu \u00fcberpr\u00fcfen;<\/p>\n<p>(2) die Verarbeitung unrechtm\u00e4\u00dfig ist und Sie die L\u00f6schung der personenbezogenen Daten ablehnen und stattdessen die Einschr\u00e4nkung der Nutzung der personenbezogenen Daten verlangen;<\/p>\n<p>(3) der Verantwortliche die personenbezogenen Daten f\u00fcr die Zwecke der Verarbeitung nicht l\u00e4nger ben\u00f6tigt, Sie diese jedoch zur Geltendmachung, Aus\u00fcbung oder Verteidigung von Rechtsanspr\u00fcchen ben\u00f6tigen, oder<\/p>\n<p>(4) wenn Sie Widerspruch gegen die Verarbeitung gem\u00e4\u00df Art.\u00a021 Abs.\u00a01 DSGVO eingelegt haben und noch nicht feststeht, ob die berechtigten Gr\u00fcnde des Verantwortlichen gegen\u00fcber Ihren Gr\u00fcnden \u00fcberwiegen.<\/p>\n<p>Wurde die Verarbeitung der Sie betreffenden personenbezogenen Daten eingeschr\u00e4nkt, d\u00fcrfen diese Daten \u2013 von ihrer Speicherung abgesehen \u2013 nur mit Ihrer Einwilligung oder zur Geltendmachung, Aus\u00fcbung oder Verteidigung von Rechtsanspr\u00fcchen oder zum Schutz der Rechte einer anderen nat\u00fcrlichen oder juristischen Person oder aus Gr\u00fcnden eines wichtigen \u00f6ffentlichen Interesses der Union oder eines Mitgliedstaats verarbeitet werden.<\/p>\n<p>Wurde die Einschr\u00e4nkung der Verarbeitung nach den o.g. Voraussetzungen eingeschr\u00e4nkt, werden Sie von dem Verantwortlichen unterrichtet bevor die Einschr\u00e4nkung aufgehoben wird.<\/p>\n<h3>Recht auf L\u00f6schung<\/h3>\n<p><strong>a) L\u00f6schungspflicht<\/strong><\/p>\n<p>Sie k\u00f6nnen von dem Verantwortlichen verlangen, dass die Sie betreffenden personenbezogenen Daten unverz\u00fcglich gel\u00f6scht werden, und der Verantwortliche ist verpflichtet, diese Daten unverz\u00fcglich zu l\u00f6schen, sofern einer der folgenden Gr\u00fcnde zutrifft:<\/p>\n<p>(1) Die Sie betreffenden personenbezogenen Daten sind f\u00fcr die Zwecke, f\u00fcr die sie erhoben oder auf sonstige Weise verarbeitet wurden, nicht mehr notwendig.<\/p>\n<p>(2) Sie widerrufen Ihre Einwilligung, auf die sich die Verarbeitung gem. Art.\u00a06 Abs.\u00a01 lit.\u00a0a oder Art.\u00a09 Abs.\u00a02 lit.\u00a0a DSGVO st\u00fctzte, und es fehlt an einer anderweitigen Rechtsgrundlage f\u00fcr die Verarbeitung.<\/p>\n<p>(3) Sie legen gem. Art.\u00a021 Abs.\u00a01 DSGVO Widerspruch gegen die Verarbeitung ein und es liegen keine vorrangigen berechtigten Gr\u00fcnde f\u00fcr die Verarbeitung vor, oder Sie legen gem. Art.\u00a021 Abs.\u00a02 DSGVO Widerspruch gegen die Verarbeitung ein.<\/p>\n<p>(4) Die Sie betreffenden personenbezogenen Daten wurden unrechtm\u00e4\u00dfig verarbeitet.<\/p>\n<p>(5) Die L\u00f6schung der Sie betreffenden personenbezogenen Daten ist zur Erf\u00fcllung einer rechtlichen Verpflichtung nach dem Unionsrecht oder dem Recht der Mitgliedstaaten erforderlich, dem der Verantwortliche unterliegt.<\/p>\n<p>(6) Die Sie betreffenden personenbezogenen Daten wurden in Bezug auf angebotene Dienste der Informationsgesellschaft gem\u00e4\u00df Art.\u00a08 Abs.\u00a01 DSGVO erhoben.<\/p>\n<p><strong>b) Information an Dritte<\/strong><\/p>\n<p>Hat der Verantwortliche die Sie betreffenden personenbezogenen Daten \u00f6ffentlich gemacht und ist er gem. Art.\u00a017 Abs.\u00a01 DSGVO zu deren L\u00f6schung verpflichtet, so trifft er unter Ber\u00fccksichtigung der verf\u00fcgbaren Technologie und der Implementierungskosten angemessene Ma\u00dfnahmen, auch technischer Art, um f\u00fcr die Datenverarbeitung Verantwortliche, die die personenbezogenen Daten verarbeiten, dar\u00fcber zu informieren, dass Sie als betroffene Person von ihnen die L\u00f6schung aller Links zu diesen personenbezogenen Daten oder von Kopien oder Replikationen dieser personenbezogenen Daten verlangt haben.<\/p>\n<p><strong>c) Ausnahmen<\/strong><\/p>\n<p>Das Recht auf L\u00f6schung besteht nicht, soweit die Verarbeitung erforderlich ist<\/p>\n<p>(1) zur Aus\u00fcbung des Rechts auf freie Meinungs\u00e4u\u00dferung und Information;<\/p>\n<p>(2) zur Erf\u00fcllung einer rechtlichen Verpflichtung, die die Verarbeitung nach dem Recht der Union oder der Mitgliedstaaten, dem der Verantwortliche unterliegt, erfordert, oder zur Wahrnehmung einer Aufgabe, die im \u00f6ffentlichen Interesse liegt oder in Aus\u00fcbung \u00f6ffentlicher Gewalt erfolgt, die dem Verantwortlichen \u00fcbertragen wurde;<\/p>\n<p>(3) aus Gr\u00fcnden des \u00f6ffentlichen Interesses im Bereich der \u00f6ffentlichen Gesundheit gem\u00e4\u00df Art.\u00a09 Abs.\u00a02 lit.\u00a0h und i sowie Art.\u00a09 Abs.\u00a03 DSGVO;<\/p>\n<p>(4) f\u00fcr im \u00f6ffentlichen Interesse liegende Archivzwecke, wissenschaftliche oder historische Forschungszwecke oder f\u00fcr statistische Zwecke gem. Art.\u00a089 Abs.\u00a01 DSGVO, soweit das unter Abschnitt a) genannte Recht voraussichtlich die Verwirklichung der Ziele dieser Verarbeitung unm\u00f6glich macht oder ernsthaft beeintr\u00e4chtigt, oder<\/p>\n<p>(5) zur Geltendmachung, Aus\u00fcbung oder Verteidigung von Rechtsanspr\u00fcchen.<\/p>\n<h3>Recht auf Unterrichtung<\/h3>\n<p>Haben Sie das Recht auf Berichtigung, L\u00f6schung oder Einschr\u00e4nkung der Verarbeitung gegen\u00fcber dem Verantwortlichen geltend gemacht, ist dieser verpflichtet, allen Empf\u00e4ngern, denen die Sie betreffenden personenbezogenen Daten offengelegt wurden, diese Berichtigung oder L\u00f6schung der Daten oder Einschr\u00e4nkung der Verarbeitung mitzuteilen, es sei denn, dies erweist sich als unm\u00f6glich oder ist mit einem unverh\u00e4ltnism\u00e4\u00dfigen Aufwand verbunden.<\/p>\n<p>Ihnen steht gegen\u00fcber dem Verantwortlichen das Recht zu, \u00fcber diese Empf\u00e4nger unterrichtet zu werden.<\/p>\n<h3>Recht auf Daten\u00fcbertragbarkeit<\/h3>\n<p>Sie haben das Recht, die Sie betreffenden personenbezogenen Daten, die Sie dem Verantwortlichen bereitgestellt haben, in einem strukturierten, g\u00e4ngigen und maschinenlesbaren Format zu erhalten. Au\u00dferdem haben Sie das Recht diese Daten einem anderen Verantwortlichen ohne Behinderung durch den Verantwortlichen, dem die personenbezogenen Daten bereitgestellt wurden, zu \u00fcbermitteln, sofern<\/p>\n<p>(1) die Verarbeitung auf einer Einwilligung gem. Art.\u00a06 Abs.\u00a01 lit.\u00a0a DSGVO oder Art.\u00a09 Abs.\u00a02 lit.\u00a0a DSGVO oder auf einem Vertrag gem. Art.\u00a06 Abs.\u00a01 lit.\u00a0b DSGVO beruht und<\/p>\n<p>(2) die Verarbeitung mithilfe automatisierter Verfahren erfolgt.<\/p>\n<p>In Aus\u00fcbung dieses Rechts haben Sie ferner das Recht, zu erwirken, dass die Sie betreffenden personenbezogenen Daten direkt von einem Verantwortlichen einem anderen Verantwortlichen \u00fcbermittelt werden, soweit dies technisch machbar ist. Freiheiten und Rechte anderer Personen d\u00fcrfen hierdurch nicht beeintr\u00e4chtigt werden.<\/p>\n<p>Das Recht auf Daten\u00fcbertragbarkeit gilt nicht f\u00fcr eine Verarbeitung personenbezogener Daten, die f\u00fcr die Wahrnehmung einer Aufgabe erforderlich ist, die im \u00f6ffentlichen Interesse liegt oder in Aus\u00fcbung \u00f6ffentlicher Gewalt erfolgt, die dem Verantwortlichen \u00fcbertragen wurde.<\/p>\n<h3>Widerspruchsrecht<\/h3>\n<p>Sie haben das Recht, aus Gr\u00fcnden, die sich aus ihrer besonderen Situation ergeben, jederzeit gegen die Verarbeitung der Sie betreffenden personenbezogenen Daten, die aufgrund von Art.\u00a06 Abs.\u00a01 lit.\u00a0e oder f DSGVO erfolgt, Widerspruch einzulegen; dies gilt auch f\u00fcr ein auf diese Bestimmungen gest\u00fctztes Profiling.<\/p>\n<p>Der Verantwortliche verarbeitet die Sie betreffenden personenbezogenen Daten nicht mehr, es sei denn, er kann zwingende schutzw\u00fcrdige Gr\u00fcnde f\u00fcr die Verarbeitung nachweisen, die Ihre Interessen, Rechte und Freiheiten \u00fcberwiegen, oder die Verarbeitung dient der Geltendmachung, Aus\u00fcbung oder Verteidigung von Rechtsanspr\u00fcchen.<\/p>\n<p>Werden die Sie betreffenden personenbezogenen Daten verarbeitet, um Direktwerbung zu betreiben, haben Sie das Recht, jederzeit Widerspruch gegen die Verarbeitung der Sie betreffenden personenbezogenen Daten zum Zwecke derartiger Werbung einzulegen; dies gilt auch f\u00fcr das Profiling, soweit es mit solcher Direktwerbung in Verbindung steht.<\/p>\n<p>Widersprechen Sie der Verarbeitung f\u00fcr Zwecke der Direktwerbung, so werden die Sie betreffenden personenbezogenen Daten nicht mehr f\u00fcr diese Zwecke verarbeitet.<\/p>\n<p>Sie haben die M\u00f6glichkeit, im Zusammenhang mit der Nutzung von Diensten der Informationsgesellschaft \u2013 ungeachtet der Richtlinie 2002\/58\/EG \u2013 Ihr Widerspruchsrecht mittels automatisierter Verfahren auszu\u00fcben, bei denen technische Spezifikationen verwendet werden.<\/p>\n<h3>Recht auf Widerruf der datenschutzrechtlichen Einwilligungserkl\u00e4rung<\/h3>\n<p>Sie haben das Recht, Ihre datenschutzrechtliche Einwilligungserkl\u00e4rung jederzeit zu widerrufen. Durch den Widerruf der Einwilligung wird die Rechtm\u00e4\u00dfigkeit der aufgrund der Einwilligung bis zum Widerruf erfolgten Verarbeitung nicht ber\u00fchrt.<\/p>\n<h3>Automatisierte Entscheidung im Einzelfall einschlie\u00dflich Profiling<\/h3>\n<p>Sie haben das Recht, nicht einer ausschlie\u00dflich auf einer automatisierten Verarbeitung \u2013 einschlie\u00dflich Profiling \u2013 beruhenden Entscheidung unterworfen zu werden, die Ihnen gegen\u00fcber rechtliche Wirkung entfaltet oder Sie in \u00e4hnlicher Weise erheblich beeintr\u00e4chtigt. Dies gilt nicht, wenn die Entscheidung<\/p>\n<p>(1) f\u00fcr den Abschluss oder die Erf\u00fcllung eines Vertrags zwischen Ihnen und dem Verantwortlichen erforderlich ist,<\/p>\n<p>(2) aufgrund von Rechtsvorschriften der Union oder der Mitgliedstaaten, denen der Verantwortliche unterliegt, zul\u00e4ssig ist und diese Rechtsvorschriften angemessene Ma\u00dfnahmen zur Wahrung Ihrer Rechte und Freiheiten sowie Ihrer berechtigten Interessen enthalten oder<\/p>\n<p>(3) mit Ihrer ausdr\u00fccklichen Einwilligung erfolgt.<\/p>\n<p>Allerdings d\u00fcrfen diese Entscheidungen nicht auf besonderen Kategorien personenbezogener Daten nach Art.\u00a09 Abs.\u00a01 DSGVO beruhen, sofern nicht Art.\u00a09 Abs.\u00a02 lit.\u00a0a oder g DSGVO gilt und angemessene Ma\u00dfnahmen zum Schutz der Rechte und Freiheiten sowie Ihrer berechtigten Interessen getroffen wurden.<\/p>\n<p>Hinsichtlich der in (1) und (3) genannten F\u00e4lle trifft der Verantwortliche angemessene Ma\u00dfnahmen, um die Rechte und Freiheiten sowie Ihre berechtigten Interessen zu wahren, wozu mindestens das Recht auf Erwirkung des Eingreifens einer Person seitens des Verantwortlichen, auf Darlegung des eigenen Standpunkts und auf Anfechtung der Entscheidung geh\u00f6rt.<\/p>\n<h3>Recht auf Beschwerde bei einer Aufsichtsbeh\u00f6rde<\/h3>\n<p>Unbeschadet eines anderweitigen verwaltungsrechtlichen oder gerichtlichen Rechtsbehelfs steht Ihnen das Recht auf Beschwerde bei einer Aufsichtsbeh\u00f6rde, insbesondere in dem Mitgliedstaat ihres Aufenthaltsorts, ihres Arbeitsplatzes oder des Orts des mutma\u00dflichen Versto\u00dfes, zu, wenn Sie der Ansicht sind, dass die Verarbeitung der Sie betreffenden personenbezogenen Daten gegen die DSGVO verst\u00f6\u00dft.<\/p>\n<p>Die Aufsichtsbeh\u00f6rde, bei der die Beschwerde eingereicht wurde, unterrichtet den Beschwerdef\u00fchrer \u00fcber den Stand und die Ergebnisse der Beschwerde einschlie\u00dflich der M\u00f6glichkeit eines gerichtlichen Rechtsbehelfs nach Art.\u00a078 DSGVO.<\/p>\n<h3>8. Aktualit\u00e4t und \u00c4nderung dieser Datenschutzerkl\u00e4rung<\/h3>\n<p>Diese Datenschutzerkl\u00e4rung ist aktuell g\u00fcltig und hat den Stand Mai 2018.<\/p>\n<p>Durch die Weiterentwicklung unserer Website und Angebote dar\u00fcber oder aufgrund ge\u00e4nderter gesetzlicher beziehungsweise beh\u00f6rdlicher Vorgaben kann es notwendig werden, diese Datenschutzerkl\u00e4rung zu \u00e4ndern. Die jeweils aktuelle Datenschutzerkl\u00e4rung kann jederzeit auf der Website unter www.dagmarsaeger.de von Ihnen abgerufen und ausgedruckt werden.<\/p>\n<\/div><\/section>\n<\/div><\/div>\n<style type=\"text\/css\" data-created_by=\"avia_inline_auto\" id=\"style-css-av-av_cell_one_fifth-f57c70f9f5a63fd800eb5b955b847c2a\">\n.flex_cell.av-av_cell_one_fifth-f57c70f9f5a63fd800eb5b955b847c2a{\nvertical-align:top;\n}\n.responsive #top #wrap_all .flex_cell.av-av_cell_one_fifth-f57c70f9f5a63fd800eb5b955b847c2a{\npadding:30px 30px 30px 30px !important;\n}\n<\/style>\n<div class='flex_cell av-av_cell_one_fifth-f57c70f9f5a63fd800eb5b955b847c2a av-gridrow-cell av_one_fifth no_margin  avia-builder-el-11  el_after_av_cell_three_fifth  avia-builder-el-last '  ><div class='flex_cell_inner'><\/div><\/div><\/div>\n","protected":false},"excerpt":{"rendered":"Moderation \u2022 Beratung \u2022 Training Dagmar S\u00e4ger DATENSCHUTZERKL\u00c4RUNG 1. Name und Anschrift des Verantwortlichen Dagmar S\u00e4ger Oldachstra\u00dfe 3 22307 Hamburg Telefon:\u00a0040-53670097 E-Mail:\u00a0mail@dagmarsaeger.de Webseite: www.dagmarsaeger.de 2. Allgemeines zur Datenverarbeitung Erhebung und Speicherung personenbezogener Daten sowie Art und Zweck von deren Verwendung Beim Aufrufen unserer Website www.dagmarsaeger.de werden durch den auf Ihrem Endger\u00e4t zum Einsatz kommenden Browser [...]","protected":false},"author":1,"featured_media":0,"parent":0,"menu_order":0,"comment_status":"open","ping_status":"open","template":"","meta":[],"_links":{"self":[{"href":"https:\/\/dagmarsaeger.de\/index.php?rest_route=\/wp\/v2\/pages\/1175"}],"collection":[{"href":"https:\/\/dagmarsaeger.de\/index.php?rest_route=\/wp\/v2\/pages"}],"about":[{"href":"https:\/\/dagmarsaeger.de\/index.php?rest_route=\/wp\/v2\/types\/page"}],"author":[{"embeddable":true,"href":"https:\/\/dagmarsaeger.de\/index.php?rest_route=\/wp\/v2\/users\/1"}],"replies":[{"embeddable":true,"href":"https:\/\/dagmarsaeger.de\/index.php?rest_route=%2Fwp%2Fv2%2Fcomments&post=1175"}],"version-history":[{"count":9,"href":"https:\/\/dagmarsaeger.de\/index.php?rest_route=\/wp\/v2\/pages\/1175\/revisions"}],"predecessor-version":[{"id":1195,"href":"https:\/\/dagmarsaeger.de\/index.php?rest_route=\/wp\/v2\/pages\/1175\/revisions\/1195"}],"wp:attachment":[{"href":"https:\/\/dagmarsaeger.de\/index.php?rest_route=%2Fwp%2Fv2%2Fmedia&parent=1175"}],"curies":[{"name":"wp","href":"https:\/\/api.w.org\/{rel}","templated":true}]}}